{"id":30,"date":"2020-01-10T16:22:04","date_gmt":"2020-01-10T16:22:04","guid":{"rendered":"http:\/\/grade.org.pe\/proactt\/?page_id=30"},"modified":"2020-01-10T23:21:57","modified_gmt":"2020-01-10T23:21:57","slug":"seminario-3","status":"publish","type":"page","link":"http:\/\/grade.org.pe\/proactt\/seminario-3\/","title":{"rendered":"Seminario 3"},"content":{"rendered":"\n<h3 class=\"has-text-align-center wp-block-heading\"> <strong>FORO NACIONAL: POL\u00cdTICAS EFECTIVAS PARA EL CONTROL DEL TABACO EN EL PER\u00da<\/strong> <\/h3>\n\n\n\n<h2 class=\"has-text-align-center wp-block-heading\">\u201cRespira Vida, Vive sin Tabaco\u201d<\/h2>\n\n\n\n<h4 class=\"has-text-align-center wp-block-heading\">(29\/05\/2919, Organizaci\u00f3n Panamericana de la Salud)<\/h4>\n\n\n\n<p>El 29 de mayo de 2019 se realiz\u00f3 el Foro Nacional \u201cPol\u00edticas Efectivas para el control del Tabaco en el Per\u00fa\u201d. Este evento fue co-organizado por la Organizaci\u00f3n Panamericana de la Salud, junto con el Ministerio de Salud del Per\u00fa, en el marco del D\u00eda Mundial Sin Tabaco (31 de mayo de cada a\u00f1o). La campa\u00f1a anual es una oportunidad para concientizar sobre los efectos nocivos y letales del consumo de tabaco. <\/p>\n\n\n\n<p>El Foro Nacional se organiz\u00f3 en tres tiempos. En primer lugar, se abri\u00f3 el evento con las palabras de bienvenidas de la Organizaci\u00f3n Panamericana de la Salud, de la Comisi\u00f3n Nacional Permanente de Lucha Antitab\u00e1quica, y del Ministerio de Salud. En segundo lugar, se organiz\u00f3 una mesa de discusi\u00f3n sobre el Tabaquismo en el Per\u00fa y en la regi\u00f3n, as\u00ed c\u00f3mo el lugar que ocupa el Per\u00fa respecto al Convenio Marco de Control de Tabaco (CMCT). Finalmente, en tercer lugar, se organiz\u00f3 una mesa de discusi\u00f3n sobre la legislaci\u00f3n y adopci\u00f3n de medidas en control de tabaco, haciendo un \u00e9nfasis a los nuevos productos de tabaco y nicotina. Mart\u00edn Valdivia, investigador principal de GRADE, particip\u00f3 en la mencionada mesa de discusi\u00f3n, presentando los impactos que generar\u00eda el incremento de los impuestos al Tabaco.<\/p>\n\n\n\n<p><strong>Puede revisar aqu\u00ed las presentaciones proyectadas durante el Foro: <\/strong><\/p>\n\n\n\n<ul class=\"wp-block-list\"><li><a href=\"http:\/\/grade.org.pe\/proactt\/wp-content\/uploads\/2020\/01\/presentacion2-minsa1.pdf\" target=\"_blank\" rel=\"noreferrer noopener\" aria-label=\"Presentaci\u00f3n Ministerio de Salud (MINSA): Costos Sanitarios e impacto en el desarrollo de pa\u00eds. (opens in a new tab)\">Presentaci\u00f3n Ministerio de Salud (MINSA): Costos Sanitarios e impacto en el desarrollo de pa\u00eds.<\/a><\/li><li><a href=\"http:\/\/grade.org.pe\/proactt\/wp-content\/uploads\/2020\/01\/presentacion2-inen.pdf\" target=\"_blank\" rel=\"noreferrer noopener\" aria-label=\"Presentaci\u00f3n del Instituto Nacional de Enfermedades Neopl\u00e1sicas (INEN): Tabaquismo y Salud Pulmonar. (opens in a new tab)\">Presentaci\u00f3n del Instituto Nacional de Enfermedades Neopl\u00e1sicas (INEN): Tabaquismo y Salud Pulmonar.<\/a><\/li><li><a href=\"http:\/\/grade.org.pe\/proactt\/wp-content\/uploads\/2020\/01\/presentacion2_ops.pdf\" target=\"_blank\" rel=\"noreferrer noopener\" aria-label=\"Presentaci\u00f3n de la Organizaci\u00f3n Panamericana de la Salud en el Per\u00fa (OPS): Visi\u00f3n regional al Convenio Marco para el Control de Tabaco. (opens in a new tab)\">Presentaci\u00f3n de la Organizaci\u00f3n Panamericana de la Salud en el Per\u00fa (OPS): Visi\u00f3n regional al Convenio Marco para el Control de Tabaco.<\/a><\/li><li><a href=\"http:\/\/grade.org.pe\/proactt\/wp-content\/uploads\/2020\/01\/presentacion2_colat.pdf\" target=\"_blank\" rel=\"noreferrer noopener\" aria-label=\"Presentaci\u00f3n de la Comisi\u00f3n Nacional Permanente de Lucha Antitab\u00e1quica (COLAT): Brechas en la implementaci\u00f3n del Convenio Marco para el Control de Tabaco. (opens in a new tab)\">Presentaci\u00f3n de la Comisi\u00f3n Nacional Permanente de Lucha Antitab\u00e1quica (COLAT): Brechas en la implementaci\u00f3n del Convenio Marco para el Control de Tabaco.<\/a><\/li><li><a href=\"http:\/\/grade.org.pe\/proactt\/wp-content\/uploads\/2020\/01\/presentacion2_grade.pdf\" target=\"_blank\" rel=\"noreferrer noopener\" aria-label=\"Presentaci\u00f3n del Grupo de An\u00e1lisis para el Desarrollo\u00a0 (GRADE):\u00a0 Impacto del incremento de los impuestos al Tabaco. (opens in a new tab)\">Presentaci\u00f3n del Grupo de An\u00e1lisis para el Desarrollo\u00a0 (GRADE):\u00a0 Impacto del incremento de los impuestos al Tabaco.<\/a><\/li><li><a href=\"http:\/\/grade.org.pe\/proactt\/wp-content\/uploads\/2020\/01\/presentacion2_minsa2.pdf\" target=\"_blank\" rel=\"noreferrer noopener\" aria-label=\"Presentaci\u00f3n Ministerio de salud (MINSA): Interferencia de la Industria Tabacalera: Estrategias con respecto a los nuevos productos en el Per\u00fa. (opens in a new tab)\">Presentaci\u00f3n Ministerio de salud (MINSA): Interferencia de la Industria Tabacalera: Estrategias con respecto a los nuevos productos en el Per\u00fa.<\/a><\/li><\/ul>\n\n\n\n<p><strong>Puede revisar aqu\u00ed el programa del evento:<\/strong><\/p>\n\n\n\n<ul class=\"wp-block-list\"><li> <a href=\"http:\/\/grade.org.pe\/proactt\/wp-content\/uploads\/2020\/01\/presentacion2_programa.doc\" target=\"_blank\" rel=\"noreferrer noopener\" aria-label=\"Programa  (opens in a new tab)\">Programa <\/a><\/li><\/ul>\n","protected":false},"excerpt":{"rendered":"<p>FORO NACIONAL: POL\u00cdTICAS EFECTIVAS PARA EL CONTROL DEL TABACO EN EL PER\u00da \u201cRespira Vida, Vive sin Tabaco\u201d (29\/05\/2919, Organizaci\u00f3n Panamericana de la Salud) El 29 de mayo de 2019 se realiz\u00f3 el Foro Nacional \u201cPol\u00edticas Efectivas para el control del Tabaco en el Per\u00fa\u201d. Este evento fue co-organizado por la Organizaci\u00f3n Panamericana de la Salud, &#8230; <a title=\"Seminario 3\" class=\"read-more\" href=\"http:\/\/grade.org.pe\/proactt\/seminario-3\/\">Read more <span class=\"screen-reader-text\">Seminario 3<\/span><\/a><\/p>\n","protected":false},"author":1,"featured_media":0,"parent":0,"menu_order":0,"comment_status":"closed","ping_status":"closed","template":"","meta":{"_acf_changed":false,"footnotes":""},"class_list":["post-30","page","type-page","status-publish"],"acf":[],"_links":{"self":[{"href":"http:\/\/grade.org.pe\/proactt\/wp-json\/wp\/v2\/pages\/30","targetHints":{"allow":["GET"]}}],"collection":[{"href":"http:\/\/grade.org.pe\/proactt\/wp-json\/wp\/v2\/pages"}],"about":[{"href":"http:\/\/grade.org.pe\/proactt\/wp-json\/wp\/v2\/types\/page"}],"author":[{"embeddable":true,"href":"http:\/\/grade.org.pe\/proactt\/wp-json\/wp\/v2\/users\/1"}],"replies":[{"embeddable":true,"href":"http:\/\/grade.org.pe\/proactt\/wp-json\/wp\/v2\/comments?post=30"}],"version-history":[{"count":2,"href":"http:\/\/grade.org.pe\/proactt\/wp-json\/wp\/v2\/pages\/30\/revisions"}],"predecessor-version":[{"id":113,"href":"http:\/\/grade.org.pe\/proactt\/wp-json\/wp\/v2\/pages\/30\/revisions\/113"}],"wp:attachment":[{"href":"http:\/\/grade.org.pe\/proactt\/wp-json\/wp\/v2\/media?parent=30"}],"curies":[{"name":"wp","href":"https:\/\/api.w.org\/{rel}","templated":true}]}}